{"id":27750,"date":"2025-12-14T16:43:37","date_gmt":"2025-12-14T16:43:37","guid":{"rendered":"https:\/\/www.rentaplazacarso.com\/mobiliado-com-2-quartos-e-sala-de-estar-6\/"},"modified":"2025-12-14T16:43:37","modified_gmt":"2025-12-14T16:43:37","slug":"mobiliado-com-2-quartos-e-sala-de-estar-6","status":"publish","type":"product","link":"https:\/\/www.rentaplazacarso.com\/pt-br\/product\/mobiliado-com-2-quartos-e-sala-de-estar-6\/","title":{"rendered":"MOBILIADO COM 2 QUARTOS E SALA DE ESTAR"},"content":{"rendered":"<p>APARTAMENTO TOTALMENTE MOBILIADO E EQUIPADO MUITO BOM. 118 m2. DOIS QUARTOS COM BANHEIRO COMPLETO E CLOSET. BANHEIRO COMPLETO PARA H\u00d3SPEDES.    SALA DE FAM\u00cdLIA. \u00c1REA DE LAVANDERIA. COZINHA ABERTA AGRAD\u00c1VEL E ESPA\u00c7OSA. JANELAS ENORMES EM TODOS OS C\u00d4MODOS. VISTAS ESPETACULARES. 2 VAGAS DE ESTACIONAMENTO. VISTAS ESPETACULARES. CONJUNTO COMPLETO DE COMODIDADES. VIGIL\u00c2NCIA 24 HORAS. ESTACIONAMENTO PARA VISITANTES. LOCALIZA\u00c7\u00c3O IMBAT\u00cdVEL COM TODOS OS SERVI\u00c7OS AO REDOR. TORRE MUITO TRANQUILA. ACESSO DIRETO \u00c0 PRA\u00c7A. MANUTEN\u00c7\u00c3O INCLU\u00cdDA NO PRE\u00c7O. PER\u00cdODO M\u00cdNIMO DE ALUGUEL DE UM ANO.    <\/p>\n","protected":false},"excerpt":{"rendered":"<p>APARTAMENTO TOTALMENTE MOBILIADO E EQUIPADO MUITO BOM. 118 m2. DOIS QUARTOS COM BANHEIRO COMPLETO E CLOSET. BANHEIRO COMPLETO PARA H\u00d3SPEDES. SALA DE FAM\u00cdLIA. \u00c1REA DE LAVANDERIA. COZINHA ABERTA AGRAD\u00c1VEL E ESPA\u00c7OSA. JANELAS ENORMES EM TODOS OS C\u00d4MODOS. VISTAS ESPETACULARES. 2 VAGAS DE ESTACIONAMENTO. VISTAS ESPETACULARES. CONJUNTO COMPLETO DE COMODIDADES. VIGIL\u00c2NCIA 24 HORAS. ESTACIONAMENTO PARA VISITANTES. [&hellip;]<\/p>\n","protected":false},"featured_media":27739,"comment_status":"open","ping_status":"closed","template":"","meta":{"_joinchat":[]},"product_brand":[],"product_cat":[378,377,825],"product_tag":[668],"class_list":{"0":"post-27750","1":"product","2":"type-product","3":"status-publish","4":"has-post-thumbnail","6":"product_cat-aluguel","7":"product_cat-departamentos","8":"product_cat-pissarro-pt-br-2","9":"product_tag-aluguel","10":"pa_recamara-25","12":"first","13":"instock","14":"shipping-taxable","15":"purchasable","16":"product-type-simple"},"_links":{"self":[{"href":"https:\/\/www.rentaplazacarso.com\/pt-br\/wp-json\/wp\/v2\/product\/27750","targetHints":{"allow":["GET"]}}],"collection":[{"href":"https:\/\/www.rentaplazacarso.com\/pt-br\/wp-json\/wp\/v2\/product"}],"about":[{"href":"https:\/\/www.rentaplazacarso.com\/pt-br\/wp-json\/wp\/v2\/types\/product"}],"replies":[{"embeddable":true,"href":"https:\/\/www.rentaplazacarso.com\/pt-br\/wp-json\/wp\/v2\/comments?post=27750"}],"wp:featuredmedia":[{"embeddable":true,"href":"https:\/\/www.rentaplazacarso.com\/pt-br\/wp-json\/wp\/v2\/media\/27739"}],"wp:attachment":[{"href":"https:\/\/www.rentaplazacarso.com\/pt-br\/wp-json\/wp\/v2\/media?parent=27750"}],"wp:term":[{"taxonomy":"product_brand","embeddable":true,"href":"https:\/\/www.rentaplazacarso.com\/pt-br\/wp-json\/wp\/v2\/product_brand?post=27750"},{"taxonomy":"product_cat","embeddable":true,"href":"https:\/\/www.rentaplazacarso.com\/pt-br\/wp-json\/wp\/v2\/product_cat?post=27750"},{"taxonomy":"product_tag","embeddable":true,"href":"https:\/\/www.rentaplazacarso.com\/pt-br\/wp-json\/wp\/v2\/product_tag?post=27750"}],"curies":[{"name":"wp","href":"https:\/\/api.w.org\/{rel}","templated":true}]}}